{"id":6888,"date":"2019-10-15T22:04:40","date_gmt":"2019-10-15T20:04:40","guid":{"rendered":"https:\/\/alnorte.net\/fotografia\/"},"modified":"2022-08-28T16:20:02","modified_gmt":"2022-08-28T14:20:02","slug":"fotografia","status":"publish","type":"page","link":"https:\/\/alnorte.net\/ast-es\/fotografia\/","title":{"rendered":"Fotograf\u00eda"},"content":{"rendered":"<p>[et_pb_section fb_built=&#8221;1&#8243; module_id=&#8221;cabeceraSlider&#8221; _builder_version=&#8221;4.16&#8243; background_image=&#8221;https:\/\/alnorte.net\/wp-content\/uploads\/2019\/10\/fotografo-gijon-asturias-miuel-prado-imnet-2.jpg&#8221; parallax=&#8221;on&#8221; width=&#8221;100%&#8221; max_width=&#8221;100%&#8221; custom_css_after=&#8221;content: %22%22;||top: 0;||left: 0;||bottom: 0;||right: 0;||position: absolute;||z-index: 1;||    background-image: url(&#8216;\/wp-content\/uploads\/2019\/10\/texture1.png&#8217;),linear-gradient(135deg,rgba(9,62,82,0.95) 52%,rgba(9,62,82,0.5) 40%) !important;||    background-color: rgba(255,255,255,0) !important;&#8221; da_disable_devices=&#8221;off|off|off&#8221; border_width_bottom=&#8221;2px&#8221; border_color_bottom=&#8221;#e0ad52&#8243; global_colors_info=&#8221;{}&#8221; da_is_popup=&#8221;off&#8221; da_exit_intent=&#8221;off&#8221; da_has_close=&#8221;on&#8221; da_alt_close=&#8221;off&#8221; da_dark_close=&#8221;off&#8221; da_not_modal=&#8221;on&#8221; da_is_singular=&#8221;off&#8221; da_with_loader=&#8221;off&#8221; da_has_shadow=&#8221;on&#8221;][et_pb_row column_structure=&#8221;2_3,1_3&#8243; _builder_version=&#8221;4.16&#8243; min_height=&#8221;320px&#8221; height=&#8221;320px&#8221; max_height=&#8221;320px&#8221; custom_margin=&#8221;-32px|auto||auto||&#8221; border_color_bottom=&#8221;#e0ad52&#8243; global_colors_info=&#8221;{}&#8221;][et_pb_column type=&#8221;2_3&#8243; _builder_version=&#8221;4.16&#8243; global_colors_info=&#8221;{}&#8221;][et_pb_text admin_label=&#8221;Texto&#8221; _builder_version=&#8221;4.16&#8243; global_colors_info=&#8221;{}&#8221;]<\/p>\n<h1>fotograf\u00eda<\/h1>\n<p>[\/et_pb_text][et_pb_slider arrows_custom_color=&#8221;rgba(0,0,0,0)&#8221; _builder_version=&#8221;4.16&#8243; animation_direction=&#8221;left&#8221; auto=&#8221;on&#8221; global_colors_info=&#8221;{}&#8221;][et_pb_slide heading=&#8221;los tos clientes quieren conocete&#8221; _builder_version=&#8221;4.16&#8243; body_font_size=&#8221;18px&#8221; background_color=&#8221;rgba(0,0,0,0)&#8221; background_enable_color=&#8221;on&#8221; text_orientation=&#8221;left&#8221; global_colors_info=&#8221;{}&#8221; sticky_transition=&#8221;on&#8221;]<\/p>\n<p>quieren vete, \u00fafre-yos la meyor imaxe del to negociu<\/p>\n<p>[\/et_pb_slide][et_pb_slide heading=&#8221;crea una relaci\u00f3n d&#8217;enfotu&#8221; _builder_version=&#8221;4.16&#8243; body_font_size=&#8221;18px&#8221; background_color=&#8221;rgba(0,0,0,0)&#8221; background_enable_color=&#8221;on&#8221; text_orientation=&#8221;left&#8221; global_colors_info=&#8221;{}&#8221; sticky_transition=&#8221;on&#8221;]<\/p>\n<p>colos tos veceros mostrando lo meyor del to negociu<\/p>\n<p>[\/et_pb_slide][et_pb_slide heading=&#8221;Ayud\u00e1moste&#8221; _builder_version=&#8221;4.16&#8243; body_font_size=&#8221;18px&#8221; background_color=&#8221;rgba(0,0,0,0)&#8221; background_enable_color=&#8221;on&#8221; text_orientation=&#8221;left&#8221; global_colors_info=&#8221;{}&#8221; sticky_transition=&#8221;on&#8221;]<\/p>\n<p>a amosar el verdaderu valor de la to empresa<\/p>\n<p>[\/et_pb_slide][\/et_pb_slider][\/et_pb_column][et_pb_column type=&#8221;1_3&#8243; _builder_version=&#8221;4.16&#8243; background_enable_image=&#8221;off&#8221; global_colors_info=&#8221;{}&#8221;][et_pb_cta button_url=&#8221;https:\/\/alnorte.net\/ast-es\/axente-kit-digital-nasturies\/&#8221; button_text=&#8221;M\u00e1s informaci\u00f3n&#8221; admin_label=&#8221;CTA Kit Digital&#8221; _builder_version=&#8221;4.16&#8243; _module_preset=&#8221;default&#8221; animation_direction=&#8221;right&#8221; saved_tabs=&#8221;all&#8221; global_colors_info=&#8221;{}&#8221; global_module=&#8221;5342&#8243; theme_builder_area=&#8221;post_content&#8221;]<\/p>\n<p><img decoding=\"async\" class=\"wp-image-5256 alignnone size-full\" src=\"https:\/\/alnorte.net\/wp-content\/uploads\/2022\/02\/agente-digitalizador-kit-digital-asturias-gijon-oviedo-aviles.png\" alt=\"Agente digitalizador Kit Digital Asturias Gij\u00f3n Oviedo Avil\u00e9s\" width=\"213\" height=\"58\" \/><\/p>\n<h3>Somos agentes digitalizadores dentro del plan Kit Digital.<\/h3>\n<p>Descubre todo lo que podemos hacer por t\u00ed.<\/p>\n<p>[\/et_pb_cta][\/et_pb_column][\/et_pb_row][\/et_pb_section][et_pb_section fb_built=&#8221;1&#8243; specialty=&#8221;on&#8221; module_id=&#8221;entamu&#8221; module_class=&#8221;fondoDiagonal01b fotografia_corporativa&#8221; _builder_version=&#8221;4.16&#8243; _module_preset=&#8221;default&#8221; da_disable_devices=&#8221;off|off|off&#8221; collapsed=&#8221;off&#8221; global_colors_info=&#8221;{}&#8221; da_is_popup=&#8221;off&#8221; da_exit_intent=&#8221;off&#8221; da_has_close=&#8221;on&#8221; da_alt_close=&#8221;off&#8221; da_dark_close=&#8221;off&#8221; da_not_modal=&#8221;on&#8221; da_is_singular=&#8221;off&#8221; da_with_loader=&#8221;off&#8221; da_has_shadow=&#8221;on&#8221;][et_pb_column type=&#8221;2_3&#8243; specialty_columns=&#8221;2&#8243; _builder_version=&#8221;4.16&#8243; custom_padding=&#8221;|||&#8221; global_colors_info=&#8221;{}&#8221; custom_padding__hover=&#8221;|||&#8221;][et_pb_row_inner use_custom_gutter=&#8221;on&#8221; gutter_width=&#8221;1&#8243; module_id=&#8221;fotografia-corporativa&#8221; _builder_version=&#8221;4.16&#8243; _module_preset=&#8221;default&#8221; global_colors_info=&#8221;{}&#8221;][et_pb_column_inner saved_specialty_column_type=&#8221;2_3&#8243; _builder_version=&#8221;4.16&#8243; _module_preset=&#8221;default&#8221; global_colors_info=&#8221;{}&#8221;][et_pb_text admin_label=&#8221;Texto&#8221; _builder_version=&#8221;4.16&#8243; custom_padding=&#8221;0px|||||&#8221; animation_style=&#8221;slide&#8221; animation_direction=&#8221;left&#8221; global_colors_info=&#8221;{}&#8221;]<\/p>\n<h2>la importancia<br \/>de la fotograf\u00eda corporativa<br \/>pa lo to empresa<\/h2>\n<blockquote>\n<p>Sin enfotu nun hai venta, el to cliente quier conocete.<\/p>\n<\/blockquote>\n<p>Una imaxe de poca calid\u00e1 o desdexada puede xenerar rocea, y provocar qu&#8217;esi posible veceru abandone la to web ensin reparar no qu&#8217;el to negociu puede ufierta-y.<\/p>\n<p>Al travi\u00e9s de los nuestros servicios de fotograf\u00eda a empreses vas consiguir averate a esos visitantes, amosa-yos el verdaderu valor del to negociu, tantu de los tos productos o servicios como del equipu humanu que compon la empresa, y ayudar a establecer esa relaci\u00f3n d&#8217;enfotu tan necesaria a la de captar un nuevu veceru.<\/p>\n<p>[\/et_pb_text][\/et_pb_column_inner][\/et_pb_row_inner][\/et_pb_column][et_pb_column type=&#8221;1_3&#8243; _builder_version=&#8221;4.16&#8243; custom_padding=&#8221;|||&#8221; global_colors_info=&#8221;{}&#8221; custom_padding__hover=&#8221;|||&#8221;][et_pb_image src=&#8221;https:\/\/alnorte.net\/wp-content\/uploads\/2021\/12\/fotografia-corporativa-asturias-imnet-002.jpg&#8221; alt=&#8221;Fotograf\u00eda corporativa pa empreses en Xix\u00f3n&#8221; title_text=&#8221;Fotograf\u00eda corporativa pa empreses en Xix\u00f3n&#8221; module_class=&#8221;fotoDer&#8221; _builder_version=&#8221;4.16&#8243; _module_preset=&#8221;default&#8221; animation_style=&#8221;slide&#8221; animation_direction=&#8221;right&#8221; scroll_horizontal_motion=&#8221;0|33|33|100|2|0|0&#8243; motion_trigger_start=&#8221;top&#8221; global_colors_info=&#8221;{}&#8221; custom_margin__hover_enabled=&#8221;on|desktop&#8221;][\/et_pb_image][et_pb_image src=&#8221;https:\/\/alnorte.net\/wp-content\/uploads\/2021\/12\/fotografia-corporativa-asturias-imnet-003.jpg&#8221; alt=&#8221;Fotograf\u00eda corporativa pa empreses n&#8217;Asturies&#8221; title_text=&#8221;Fotograf\u00eda corporativa pa empreses n&#8217;Asturies&#8221; module_class=&#8221;fotoIzq&#8221; _builder_version=&#8221;4.16&#8243; _module_preset=&#8221;default&#8221; animation_style=&#8221;slide&#8221; animation_direction=&#8221;right&#8221; scroll_horizontal_motion=&#8221;0|33|33|100|2|0|0&#8243; global_colors_info=&#8221;{}&#8221;][\/et_pb_image][et_pb_image src=&#8221;https:\/\/alnorte.net\/wp-content\/uploads\/2021\/12\/fotografia-corporativa-asturias-imnet-001.jpg&#8221; alt=&#8221;Fotograf\u00eda corporativa pa empreses n&#8217;Uvi\u00e9u&#8221; title_text=&#8221;Fotograf\u00eda corporativa pa empreses n&#8217;Uvi\u00e9u&#8221; module_class=&#8221;fotoDer&#8221; _builder_version=&#8221;4.16&#8243; _module_preset=&#8221;default&#8221; animation_style=&#8221;slide&#8221; animation_direction=&#8221;right&#8221; scroll_horizontal_motion=&#8221;0|33|33|100|2|0|0&#8243; global_colors_info=&#8221;{}&#8221;][\/et_pb_image][\/et_pb_column][\/et_pb_section][et_pb_section fb_built=&#8221;1&#8243; specialty=&#8221;on&#8221; module_id=&#8221;fotografia-de-producto&#8221; module_class=&#8221;fondoDiagonal02b&#8221; _builder_version=&#8221;4.16&#8243; _module_preset=&#8221;default&#8221; da_disable_devices=&#8221;off|off|off&#8221; global_colors_info=&#8221;{}&#8221; da_is_popup=&#8221;off&#8221; da_exit_intent=&#8221;off&#8221; da_has_close=&#8221;on&#8221; da_alt_close=&#8221;off&#8221; da_dark_close=&#8221;off&#8221; da_not_modal=&#8221;on&#8221; da_is_singular=&#8221;off&#8221; da_with_loader=&#8221;off&#8221; da_has_shadow=&#8221;on&#8221;][et_pb_column type=&#8221;1_3&#8243; _builder_version=&#8221;4.16&#8243; custom_padding=&#8221;|||&#8221; global_colors_info=&#8221;{}&#8221; custom_padding__hover=&#8221;|||&#8221;][et_pb_image src=&#8221;https:\/\/alnorte.net\/wp-content\/uploads\/2019\/10\/fotografia-publicitaria-asturias-003-300&#215;200.jpg&#8221; alt=&#8221;Semeyes publicitaries n&#8217;Asturies&#8221; title_text=&#8221;Semeyes publicitaries n&#8217;Asturies&#8221; module_class=&#8221;fotoIzq&#8221; _builder_version=&#8221;4.16&#8243; _module_preset=&#8221;default&#8221; animation_style=&#8221;slide&#8221; animation_direction=&#8221;left&#8221; scroll_horizontal_motion=&#8221;0|33|33|100|2|0|0&#8243; global_colors_info=&#8221;{}&#8221;][\/et_pb_image][et_pb_image src=&#8221;https:\/\/alnorte.net\/wp-content\/uploads\/2019\/10\/fotografia-productos-para-catalogo-tienda-online-006-245&#215;300.jpg&#8221; alt=&#8221;Semeyes de productu pa comerciu electr\u00f3nicu y cat\u00e1logu&#8221; title_text=&#8221;Semeyes de productu pa comerciu electr\u00f3nicu y cat\u00e1logu&#8221; module_class=&#8221;fotoDer&#8221; _builder_version=&#8221;4.16&#8243; _module_preset=&#8221;default&#8221; animation_style=&#8221;slide&#8221; animation_direction=&#8221;left&#8221; scroll_horizontal_motion=&#8221;0|33|33|100|2|0|0&#8243; motion_trigger_start=&#8221;top&#8221; global_colors_info=&#8221;{}&#8221; custom_margin__hover_enabled=&#8221;on|desktop&#8221;][\/et_pb_image][et_pb_image src=&#8221;https:\/\/alnorte.net\/wp-content\/uploads\/2019\/10\/fotografia-productos-para-catalogo-tienda-online-003.jpg&#8221; alt=&#8221;Semeyes de productu pa comerciu electr\u00f3nicu y cat\u00e1logu&#8221; title_text=&#8221;Semeyes de productu pa comerciu electr\u00f3nicu y cat\u00e1logu&#8221; disabled_on=&#8221;on|on|on&#8221; module_class=&#8221;fotoIzq&#8221; _builder_version=&#8221;4.16&#8243; _module_preset=&#8221;default&#8221; animation_style=&#8221;slide&#8221; animation_direction=&#8221;left&#8221; scroll_horizontal_motion=&#8221;0|33|33|100|2|0|0&#8243; disabled=&#8221;on&#8221; global_colors_info=&#8221;{}&#8221;][\/et_pb_image][\/et_pb_column][et_pb_column type=&#8221;2_3&#8243; specialty_columns=&#8221;2&#8243; _builder_version=&#8221;4.16&#8243; custom_padding=&#8221;|||&#8221; global_colors_info=&#8221;{}&#8221; custom_padding__hover=&#8221;|||&#8221;][et_pb_row_inner use_custom_gutter=&#8221;on&#8221; gutter_width=&#8221;1&#8243; _builder_version=&#8221;4.16&#8243; _module_preset=&#8221;default&#8221; global_colors_info=&#8221;{}&#8221;][et_pb_column_inner saved_specialty_column_type=&#8221;2_3&#8243; _builder_version=&#8221;4.16&#8243; _module_preset=&#8221;default&#8221; global_colors_info=&#8221;{}&#8221;][et_pb_text admin_label=&#8221;Texto&#8221; _builder_version=&#8221;4.16&#8243; animation_style=&#8221;slide&#8221; animation_direction=&#8221;right&#8221; global_colors_info=&#8221;{}&#8221;]<\/p>\n<h2 class=\"et_pb_slide_title\">fotograf\u00eda de productos pa cat\u00e1logos y tiendes online<\/h2>\n<h3>la importancia de la presentaci\u00f3n de los tos productos<\/h3>\n<p>La fotograf\u00eda de productu tien de reproducir toles caracter\u00edstiques importantes del oxetu que presenta: materiales, testura, color y dimensiones d&#8217;una manera fiel, al empar que curiosa pal visitante y posible comprador.<\/p>\n<p>Ensin enfotu nun hai venta, y una bona fotograf\u00eda de productu tien de tresmitir esi enfotu na to marca o negociu.<\/p>\n<p>Una imaxe de poca calid\u00e1 o poco cuidada puede xenerar rocea, y provocar qu&#8217;esi posible veceru abandone la p\u00e1xina ensin reparar nes virt\u00faes del to productu.<\/p>\n<p>Al travi\u00e9s de los nuesos servicios de fotograf\u00eda de productu vas consiguir averate a esi compradores, amosa-yos el verdaderu valor del to productu, y ayudar a establecer esa relaci\u00f3n d&#8217;enfotu tan necesariu a la de cerrar una vienta online.<\/p>\n<p>[\/et_pb_text][\/et_pb_column_inner][\/et_pb_row_inner][\/et_pb_column][\/et_pb_section][et_pb_section fb_built=&#8221;1&#8243; specialty=&#8221;on&#8221; module_id=&#8221;fotografia-de-instalaciones&#8221; module_class=&#8221;fondoDiagonal03b&#8221; _builder_version=&#8221;4.16&#8243; _module_preset=&#8221;default&#8221; da_disable_devices=&#8221;off|off|off&#8221; global_colors_info=&#8221;{}&#8221; da_is_popup=&#8221;off&#8221; da_exit_intent=&#8221;off&#8221; da_has_close=&#8221;on&#8221; da_alt_close=&#8221;off&#8221; da_dark_close=&#8221;off&#8221; da_not_modal=&#8221;on&#8221; da_is_singular=&#8221;off&#8221; da_with_loader=&#8221;off&#8221; da_has_shadow=&#8221;on&#8221;][et_pb_column type=&#8221;2_3&#8243; specialty_columns=&#8221;2&#8243; _builder_version=&#8221;4.16&#8243; custom_padding=&#8221;|||&#8221; global_colors_info=&#8221;{}&#8221; custom_padding__hover=&#8221;|||&#8221;][et_pb_row_inner use_custom_gutter=&#8221;on&#8221; gutter_width=&#8221;1&#8243; _builder_version=&#8221;4.16&#8243; _module_preset=&#8221;default&#8221; global_colors_info=&#8221;{}&#8221;][et_pb_column_inner saved_specialty_column_type=&#8221;2_3&#8243; _builder_version=&#8221;4.16&#8243; _module_preset=&#8221;default&#8221; global_colors_info=&#8221;{}&#8221;][et_pb_text _builder_version=&#8221;4.16&#8243; animation_style=&#8221;slide&#8221; animation_direction=&#8221;left&#8221; global_colors_info=&#8221;{}&#8221;]<\/p>\n<h2 class=\"et_pb_slide_title\">fotograf\u00eda d&#8217;instalaciones pa comercios, restauraci\u00f3n y empreses<\/h2>\n<blockquote>\n<p>abri les puertes del to negociu a los tos clientes nuevos<\/p>\n<\/blockquote>\n<p>Cuando un nuevu veceru llega al to negociu al travi\u00e9s d&#8217;internet, ye importante qu&#8217;atope una imaxe real de la to empresa, de los tos productos y servicios, pero tami\u00e9n de les tos instalaciones. Esto afita l&#8217;enfotu que se traduz en ventes. Una imaxe impersonal, artificial o poco cuidada puede xenerar rocea, y provocar qu&#8217;esi posible veceru abandone la p\u00e1xina ensin reparar demasi\u00e1u nel to negociu.<\/p>\n<p>Al travi\u00e9s de los nuestros servicios de fotograf\u00eda a empreses vas consiguir abrir la puerta del to negociu a esos visitantes y establecer esa relaci\u00f3n d&#8217;enfotu tan necesariu a la de captar un nuevu veceru.<\/p>\n<p>[\/et_pb_text][\/et_pb_column_inner][\/et_pb_row_inner][\/et_pb_column][et_pb_column type=&#8221;1_3&#8243; _builder_version=&#8221;4.16&#8243; custom_padding=&#8221;|||&#8221; global_colors_info=&#8221;{}&#8221; custom_padding__hover=&#8221;|||&#8221;][et_pb_image src=&#8221;https:\/\/alnorte.net\/wp-content\/uploads\/2021\/12\/fotografia-de-instalaciones-para-restaurantes-en-asturias-300&#215;200.jpg&#8221; alt=&#8221;Fotograf\u00eda d&#8217;instalaciones en Xix\u00f3n&#8221; title_text=&#8221;Fotograf\u00eda d&#8217;instalaciones en Xix\u00f3n&#8221; module_class=&#8221;fotoDer&#8221; _builder_version=&#8221;4.16&#8243; _module_preset=&#8221;default&#8221; animation_style=&#8221;slide&#8221; animation_direction=&#8221;right&#8221; scroll_horizontal_motion=&#8221;0|33|33|100|2|0|0&#8243; motion_trigger_start=&#8221;top&#8221; global_colors_info=&#8221;{}&#8221; custom_margin__hover_enabled=&#8221;on|desktop&#8221;][\/et_pb_image][et_pb_image src=&#8221;https:\/\/alnorte.net\/wp-content\/uploads\/2021\/12\/fotografia-de-cartas-y-platos-para-restaurantes-en-asturias-300&#215;200.jpg&#8221; alt=&#8221;Fotograf\u00eda d&#8217;alimentos n&#8217;Asturies&#8221; title_text=&#8221;Fotograf\u00eda d&#8217;alimentos n&#8217;Asturies&#8221; module_class=&#8221;fotoIzq&#8221; _builder_version=&#8221;4.16&#8243; _module_preset=&#8221;default&#8221; animation_style=&#8221;slide&#8221; animation_direction=&#8221;right&#8221; scroll_horizontal_motion=&#8221;0|33|33|100|2|0|0&#8243; global_colors_info=&#8221;{}&#8221;][\/et_pb_image][et_pb_image src=&#8221;https:\/\/alnorte.net\/wp-content\/uploads\/2021\/12\/fotografia-de-instalaciones-para-bares-en-asturias-300&#215;200.jpg&#8221; alt=&#8221;Fotograf\u00eda d&#8217;instalaciones n&#8217;Asturies&#8221; title_text=&#8221;Fotograf\u00eda d&#8217;instalaciones n&#8217;Asturies&#8221; module_class=&#8221;fotoDer&#8221; _builder_version=&#8221;4.16&#8243; _module_preset=&#8221;default&#8221; animation_style=&#8221;slide&#8221; animation_direction=&#8221;right&#8221; scroll_horizontal_motion=&#8221;0|33|33|100|2|0|0&#8243; global_colors_info=&#8221;{}&#8221;][\/et_pb_image][\/et_pb_column][\/et_pb_section]<\/p>\n","protected":false},"excerpt":{"rendered":"<p>Servicios de fotograf\u00eda profesional pa empreses n&#8217;Asturies. Ayud\u00e1moste a mostrar la meyor imaxe del to negociu.<\/p>\n","protected":false},"author":1,"featured_media":6336,"parent":0,"menu_order":0,"comment_status":"closed","ping_status":"closed","template":"","meta":{"_seopress_robots_primary_cat":"","_seopress_titles_title":"","_seopress_titles_desc":"","_seopress_robots_index":"","_et_pb_use_builder":"on","_et_pb_old_content":"","_et_gb_content_width":"","footnotes":""},"class_list":["post-6888","page","type-page","status-publish","has-post-thumbnail","hentry"],"_links":{"self":[{"href":"https:\/\/alnorte.net\/ast-es\/wp-json\/wp\/v2\/pages\/6888","targetHints":{"allow":["GET"]}}],"collection":[{"href":"https:\/\/alnorte.net\/ast-es\/wp-json\/wp\/v2\/pages"}],"about":[{"href":"https:\/\/alnorte.net\/ast-es\/wp-json\/wp\/v2\/types\/page"}],"author":[{"embeddable":true,"href":"https:\/\/alnorte.net\/ast-es\/wp-json\/wp\/v2\/users\/1"}],"replies":[{"embeddable":true,"href":"https:\/\/alnorte.net\/ast-es\/wp-json\/wp\/v2\/comments?post=6888"}],"version-history":[{"count":0,"href":"https:\/\/alnorte.net\/ast-es\/wp-json\/wp\/v2\/pages\/6888\/revisions"}],"wp:featuredmedia":[{"embeddable":true,"href":"https:\/\/alnorte.net\/ast-es\/wp-json\/wp\/v2\/media\/6336"}],"wp:attachment":[{"href":"https:\/\/alnorte.net\/ast-es\/wp-json\/wp\/v2\/media?parent=6888"}],"curies":[{"name":"wp","href":"https:\/\/api.w.org\/{rel}","templated":true}]}}